{"id":16,"date":"2015-05-03T08:08:50","date_gmt":"2015-05-03T07:08:50","guid":{"rendered":"http:\/\/www.bataille-des-livres.ch\/wp\/audoin2014\/?page_id=16"},"modified":"2015-06-05T05:29:30","modified_gmt":"2015-06-05T04:29:30","slug":"texte-final","status":"publish","type":"page","link":"http:\/\/www.bataille-des-livres.ch\/wp\/audouin2014\/","title":{"rendered":"Texte final"},"content":{"rendered":"<p>Bonjour \u00e0 tous !<\/p>\n<p>Nous voici arriv\u00e9s au terme d&rsquo;une histoire pleine de rebondissements.<\/p>\n<p>Bravo \u00e0 toutes les classes qui ont r\u00e9alis\u00e9 un magnifique travail de r\u00e9daction durant cette ann\u00e9e et\u00a0\u00e0 Laurent Audouin qui l&rsquo;a accompagn\u00e9 d&rsquo;illustrations laissant planer le myst\u00e8re&#8230;<\/p>\n<p>Bonne lecture \u00e0 tous.<\/p>\n<p>&nbsp;<\/p>\n<p><b>Le secret de la pierre de vie<\/b><\/p>\n<p><em>Chapitre 1<\/em><\/p>\n<p><em>Ce soir-l\u00e0, L\u00e9a et moi on jouait \u00e0 cache-cache dans la cour de l\u2019\u00e9cole.<\/em><br \/>\n<em> Oh ! d\u00e9sol\u00e9, j\u2019ai oubli\u00e9 de me pr\u00e9senter. Je m\u2019appelle Alex et j\u2019ai dix ans. L\u00e9a, c\u2019est ma meilleure copine.<\/em><br \/>\n<em> On jouait tranquillement dans la cour. J\u2019\u00e9tais cach\u00e9 derri\u00e8re un arbre et L\u00e9a me cherchait dans les buissons. Tout \u00e0 coup, j\u2019ai entendu des pas. Je suis sorti de ma cachette et je suis all\u00e9 discr\u00e8tement vers L\u00e9a. Nous avons vu un homme entrer dans l\u2019\u00e9cole. Il avait un chapeau noir et tenait quelque chose dans sa main. Je n\u2019ai pas pu voir quoi mais il me semblait que c\u2019\u00e9tait un poignard.<\/em><\/p>\n<p><em><a href=\"http:\/\/www.bataille-des-livres.ch\/wp\/audouin2014\/files\/2014\/11\/dessin1.jpg\"><img loading=\"lazy\" class=\"aligncenter size-large wp-image-21\" src=\"http:\/\/www.bataille-des-livres.ch\/wp\/audouin2014\/files\/2014\/11\/dessin1-899x1024.jpg\" alt=\"dessin1\" width=\"584\" height=\"665\" srcset=\"http:\/\/www.bataille-des-livres.ch\/wp\/audouin2014\/files\/2014\/11\/dessin1-899x1024.jpg 899w, http:\/\/www.bataille-des-livres.ch\/wp\/audouin2014\/files\/2014\/11\/dessin1-263x300.jpg 263w\" sizes=\"(max-width: 584px) 100vw, 584px\" \/><\/a>Au premier \u00e9tage, il y avait de la lumi\u00e8re : notre ma\u00eetresse, Madame Moucheboume, corrigeait nos contr\u00f4les. L\u2019homme au chapeau noir est entr\u00e9 dans notre classe. Il s\u2019est disput\u00e9 avec la ma\u00eetresse. Apr\u00e8s, on a entendu des cris, mais on ne voyait rien.<\/em><\/p>\n<p><em>On avait peur. Alors L\u00e9a et moi, on est all\u00e9s chercher Luc et Morgane parce que, eux, c\u2019est pas des trouillards. Quand nous sommes revenus, il n\u2019y avait plus personne dans la classe. Nous avons trouv\u00e9 les lunettes de la ma\u00eetresse par terre et la porte de la classe \u00e9tait cass\u00e9e.<\/em><\/p>\n<p><em>Soudain, nous avons entendu un bruit de moteur. Tous les quatre, nous sommes all\u00e9s regarder par la fen\u00eatre. Nous avons vu une voiture rouge qui d\u00e9marrait avec quelqu\u2019un \u00e0 l\u2019arri\u00e8re. C\u2019\u00e9tait peut-\u00eatre la ma\u00eetresse. Mes amis et moi, nous avons descendu les escaliers en courant. Quand nous sommes arriv\u00e9s en bas, il y avait un bout de papier par terre qui \u00e9tait certainement tomb\u00e9 de la voiture. L\u00e9a s\u2019est baiss\u00e9e, l\u2019a ramass\u00e9 et a lu \u00e0 voix haute ce qui \u00e9tait \u00e9crit dessus : \u00ab Rue Michelet \u00bb.<\/em><\/p>\n<p><em>\u2013 Je sais o\u00f9 c\u2019est, a dit Luc. C\u2019est pr\u00e8s de chez mes grands-parents.<\/em><br \/>\n<em> \u2013 Allons-y ! , a dit Morgane.<\/em><br \/>\n<em> \u2013 Non, il se fait tard, rendez-vous ici \u00e0 7h30 demain matin avec vos v\u00e9los, ai-je dit.<\/em><\/p>\n<p><a href=\"http:\/\/www.bataille-des-livres.ch\/wp\/audouin2014\/files\/2014\/11\/dessin2.jpg\"><img loading=\"lazy\" class=\"aligncenter size-large wp-image-43\" src=\"http:\/\/www.bataille-des-livres.ch\/wp\/audouin2014\/files\/2014\/11\/dessin2-1024x952.jpg\" alt=\"dessin2\" width=\"584\" height=\"543\" srcset=\"http:\/\/www.bataille-des-livres.ch\/wp\/audouin2014\/files\/2014\/11\/dessin2-1024x952.jpg 1024w, http:\/\/www.bataille-des-livres.ch\/wp\/audouin2014\/files\/2014\/11\/dessin2-300x279.jpg 300w, http:\/\/www.bataille-des-livres.ch\/wp\/audouin2014\/files\/2014\/11\/dessin2-323x300.jpg 323w\" sizes=\"(max-width: 584px) 100vw, 584px\" \/><\/a><\/p>\n<p><i>Chapitre 2<\/i><\/p>\n<p><i>Le lendemain matin, j&rsquo;ai retrouv\u00e9 mes 3 amis et nous sommes partis \u00a0\u00e0 toute allure en direction de la rue Michelet. Devant la boulangerie, Luc a trouv\u00e9 un billet. Il l&rsquo;a ramass\u00e9 et a d\u00e9couvert\u00a0une s\u00e9rie de chiffres.<br \/>\n&#8211; C\u2019est s\u00fbrement un num\u00e9ro de t\u00e9l\u00e9phone. <\/i><\/p>\n<p><i>Au coin de la rue se trouvait une cabine. Il a compos\u00e9 le num\u00e9ro. Il s\u2019agissait du Mus\u00e9e de pr\u00e9histoire de la ville !<\/i><\/p>\n<p><i>Nous avons fonc\u00e9 sur nos v\u00e9los au Mus\u00e9e. Le r\u00e9ceptionniste nous a dit qu\u2019un homme habill\u00e9 en noir accompagn\u00e9 d\u2019une femme avaient rejoint le sous-sol du Mus\u00e9e ; ils avaient l\u2019air tr\u00e8s press\u00e9.<\/i><\/p>\n<p><i>Dans une petite pi\u00e8ce du sous-sol, on a d\u00e9couvert\u00a0une dr\u00f4le de machine. En s\u2019approchant, Morgane a aper\u00e7u\u00a0un \u00e9cran.<br \/>\n-Oh ! regardez, on y voit un troupeau de diplodocus. Et l\u00e0, juste derri\u00e8re ces buissons, mais\u2026.c\u2019est\u2026.la \u2026.ma\u00eetresse !!!!<br \/>\nSur le c\u00f4t\u00e9 de la machine, L\u00e9a\u00a0s&rsquo;est approch\u00e9e d&rsquo;une petite porte.<br \/>\n&#8211; On dirait une machine \u00e0 voyager dans le temps. Allez, venez, on va rejoindre notre ma\u00eetresse.<br \/>\nTous les quatre, on s\u2019est install\u00e9s \u00e0 l\u2019int\u00e9rieur, puis j\u2019ai actionn\u00e9 un levier et on s\u2019est tous retrouv\u00e9s\u2026..dans les buisson. Les filles s&rsquo;exclamaient\u00a0: \u00abMadame Moucheboume ! Mais que faites-vous ici ?\u00bb<\/i><\/p>\n<p><i>La ma\u00eetresse nous a expliqu\u00e9 qu\u2019elle \u00e9tait\u00a0\u00e0 la recherche de la pierre de vie.<br \/>\nL\u2019homme en noir en avait besoin de toute toute urgence !<br \/>\nLuc marmonnait : \u00abMais je me demande quand m\u00eame pour quelle raison ce dr\u00f4le d\u2019homme en noir a besoin de cette pierre de vie ? Et pourquoi c\u2019est si urgent ?\u00bb<br \/>\nMadame Moucheboume savait qu\u2019il existait une l\u00e9gende tr\u00e8s ancienne selon laquelle une empreinte magique de dinosaure pr\u00e8s d\u2019une grande cascade devrait permettre de la trouver, cette pr\u00e9cieuse pierre de vie.<\/i><\/p>\n<p><i>Notre groupe s&rsquo;est mis en marche. La ma\u00eetresse nous a dit d\u2019avancer sans bruit. Dans cette r\u00e9gion, les arch\u00e9ologues avaient\u00a0retrouv\u00e9 des fossiles de terrifiants v\u00e9lociraptors. Apr\u00e8s plusieurs heures de travers\u00e9e dans une for\u00eat sombre, nous avons aper\u00e7u la cascade.<\/i><\/p>\n<p><i>J&rsquo;ai d\u00e9couvert une \u00e9norme empreinte de dinosaure juste \u00e0 c\u00f4t\u00e9. J&rsquo;ai plac\u00e9\u00a0ma main au centre de la trace. Aussit\u00f4t, un mur derri\u00e8re la cascade s\u2019est effondr\u00e9. Tous les cinq, on est entr\u00e9s dans cette grotte. Tout au fond, une pierre brillait d\u2019une lumi\u00e8re bleut\u00e9e\u2026<\/i><\/p>\n<p><a href=\"http:\/\/www.bataille-des-livres.ch\/wp\/audouin2014\/files\/2015\/02\/dessin3.jpg\"><img loading=\"lazy\" class=\"aligncenter size-large wp-image-52\" src=\"http:\/\/www.bataille-des-livres.ch\/wp\/audouin2014\/files\/2015\/02\/dessin3-1024x674.jpg\" alt=\"dessin3\" width=\"584\" height=\"384\" srcset=\"http:\/\/www.bataille-des-livres.ch\/wp\/audouin2014\/files\/2015\/02\/dessin3-1024x674.jpg 1024w, http:\/\/www.bataille-des-livres.ch\/wp\/audouin2014\/files\/2015\/02\/dessin3-300x198.jpg 300w, http:\/\/www.bataille-des-livres.ch\/wp\/audouin2014\/files\/2015\/02\/dessin3-456x300.jpg 456w\" sizes=\"(max-width: 584px) 100vw, 584px\" \/><\/a><\/p>\n<p><em>Chapitre 3<\/em><\/p>\n<p><em>C\u2019\u00e9tait la pierre de vie. Morgane a essay\u00e9 de l\u2019arracher avec ses mains mais elle n\u2019y est pas arriv\u00e9e. Luc s&rsquo;est exclam\u00e9 : \u00ab\u00a0J\u2019ai un outil dans ma poche !\u00a0\u00bb. Il l&rsquo;a\u00a0donn\u00e9 \u00e0 Morgane qui a\u00a0\u00e0 nouveau essay\u00e9 de toutes ses forces et a r\u00e9ussi \u00e0 l&rsquo;arracher. Tr\u00e8s heureux, on a tous saut\u00e9\u00a0de joie jusqu\u2019\u00e0 ce que d\u2019\u00e9normes et terrifiants v\u00e9lociraptors nous arrivent dessus. Nous avions vraiment tr\u00e8s peur et en reculant brusquement, nous avons d\u00e9clench\u00e9 une trappe dans laquelle nous sommes tous\u00a0tomb\u00e9s.<\/em><\/p>\n<p><em>Lorsque nous avons repris\u00a0nos esprits, un elfe nous a demand\u00e9 gentiment :<\/em><\/p>\n<p><em>\u2013 Pouvez-vous me donner la pierre de vie s\u2019il vous pla\u00eet. Je suis le dernier elfe au monde et je suis malade. Alors, sans elle, mon esp\u00e8ce va dispara\u00eetre \u00e0 jamais.<\/em><\/p>\n<p><em>Morgane lui a tendu la pierre de vie mais la ma\u00eetresse qui trouvait cette explication suspecte s\u2019est interpos\u00e9e :<\/em><\/p>\n<p><em>\u2013 Non, attendez, pas si vite, qui nous dit que vous dites la v\u00e9rit\u00e9 ?<\/em><\/p>\n<p><em>C\u2019est alors qu\u2019un \u00e9v\u00e9nement incroyable s&rsquo;est\u00a0produit. Le visage de l\u2019elfe est devenu\u00a0dur puis il s&rsquo;est transform\u00e9 et nous avons retrouv\u00e9\u00a0l\u2019homme au chapeau noir.<\/em><\/p>\n<p><em>\u2013 Donnez-moi la pierre de vie, a-t-il dit m\u00e9chamment.<\/em><\/p>\n<p><em>&#8211; Pourquoi?<\/em><\/p>\n<p><em>Il y a eu alors un long silence puis l\u2019homme a dit doucement :<\/em><\/p>\n<p><em>\u2013 Pour mon chat, il est malade et elle seule peut le sauver.<\/em><\/p>\n<p><em>Sans perdre de temps, nous nous sommes rendus \u00e0 la rue Michelet chez l\u2019homme au chapeau noir. Le chat tr\u00e8s affaibli \u00e9tait\u00a0allong\u00e9 sur le canap\u00e9. Alors notre ma\u00eetresse a tendu la pierre de vie \u00e0 l\u2019homme qui l&rsquo;a fait sentir \u00e0 son chat. Imm\u00e9diatement, le chat a sembl\u00e9 reprendre des forces. L\u2019homme \u00e9tait\u00a0soulag\u00e9 :\u00a0\u00bb Merci, merci \u00e0 tous, mille fois merci!\u00a0\u00bb et a redonn\u00e9 la pierre de vie \u00e0 Madame Moucheboume.<\/em><\/p>\n<p><em>L\u00e9a a demand\u00e9 \u00e0 Madame Moucheboume si la pierre de vie\u00a0\u00e9tait encore utilisable. Selon la l\u00e9gende, cette pierre est utilisable plusieurs fois,\u00a0m\u00eame cass\u00e9e en plusieurs morceaux.<\/em><\/p>\n<p><em>\u00ab\u00a0J\u2019ai une id\u00e9e !\u00a0\u00bb a dit alors Alex. \u00ab\u00a0On va\u00a0la partager en 6 morceaux. Comme \u00e7a tout le monde en aura un bout en souvenir de notre aventure. Et si un jour quelqu\u2019un a besoin d\u2019\u00eatre sauv\u00e9, on n&rsquo;aura qu\u2019\u00e0 se r\u00e9unir car on est quand m\u00eame une bonne \u00e9quipe.<\/em><\/p>\n<p><em>\u00a0<a href=\"http:\/\/www.bataille-des-livres.ch\/wp\/audouin2014\/files\/2015\/05\/Le-secret-de-la-pierre-de-vie.pdf\">Le secret de la pierre de vie<\/a><\/em><\/p>\n","protected":false},"excerpt":{"rendered":"<p>Bonjour \u00e0 tous ! Nous voici arriv\u00e9s au terme d&rsquo;une histoire pleine de rebondissements. Bravo \u00e0 toutes les classes qui ont r\u00e9alis\u00e9 un magnifique travail de r\u00e9daction durant cette ann\u00e9e et\u00a0\u00e0 Laurent Audouin qui l&rsquo;a accompagn\u00e9 d&rsquo;illustrations laissant planer le &hellip; <a href=\"http:\/\/www.bataille-des-livres.ch\/wp\/audouin2014\/\">Continuer la lecture <span class=\"meta-nav\">&rarr;<\/span><\/a><\/p>\n","protected":false},"author":1,"featured_media":0,"parent":0,"menu_order":0,"comment_status":"open","ping_status":"closed","template":"","meta":[],"_links":{"self":[{"href":"http:\/\/www.bataille-des-livres.ch\/wp\/audouin2014\/wp-json\/wp\/v2\/pages\/16"}],"collection":[{"href":"http:\/\/www.bataille-des-livres.ch\/wp\/audouin2014\/wp-json\/wp\/v2\/pages"}],"about":[{"href":"http:\/\/www.bataille-des-livres.ch\/wp\/audouin2014\/wp-json\/wp\/v2\/types\/page"}],"author":[{"embeddable":true,"href":"http:\/\/www.bataille-des-livres.ch\/wp\/audouin2014\/wp-json\/wp\/v2\/users\/1"}],"replies":[{"embeddable":true,"href":"http:\/\/www.bataille-des-livres.ch\/wp\/audouin2014\/wp-json\/wp\/v2\/comments?post=16"}],"version-history":[{"count":18,"href":"http:\/\/www.bataille-des-livres.ch\/wp\/audouin2014\/wp-json\/wp\/v2\/pages\/16\/revisions"}],"predecessor-version":[{"id":81,"href":"http:\/\/www.bataille-des-livres.ch\/wp\/audouin2014\/wp-json\/wp\/v2\/pages\/16\/revisions\/81"}],"wp:attachment":[{"href":"http:\/\/www.bataille-des-livres.ch\/wp\/audouin2014\/wp-json\/wp\/v2\/media?parent=16"}],"curies":[{"name":"wp","href":"https:\/\/api.w.org\/{rel}","templated":true}]}}