{"id":10,"date":"2019-09-15T11:38:35","date_gmt":"2019-09-15T09:38:35","guid":{"rendered":"http:\/\/www.bataille-des-livres.ch\/wp\/2019pierloot\/?page_id=10"},"modified":"2019-12-12T07:39:39","modified_gmt":"2019-12-12T06:39:39","slug":"2eme-etape","status":"publish","type":"page","link":"https:\/\/www.bataille-des-livres.ch\/wp\/2019pierloot\/calendrier\/2eme-etape\/","title":{"rendered":"2\u00e8me \u00e9tape"},"content":{"rendered":"\n<p style=\"background-color:#ffd8d9\" class=\"has-background\">Seules les classes <strong>inscrites aux ateliers<\/strong> pourront poster leur r\u00e9ponse.<\/p>\n\n\n\n<p class=\"has-background has-light-gray-background-color\"><a href=\"\/wp\/2019pierloot\/files\/2019\/12\/Etape_2.pdf\">Vous pouvez t\u00e9l\u00e9charger la mission compl\u00e8te en PDF ici.<\/a><\/p>\n\n\n\n<p>Bonjour \u00e0 tous,<\/p>\n\n\n\n<p>Ces ateliers ont\nd\u00e9marr\u00e9 sur les chapeaux de roue&nbsp;! Je suis \u00e9pat\u00e9 par la mani\u00e8re dont vous\navez r\u00e9ussi \u00e0 entrer directement dans le vif du sujet. J&rsquo;aurais aim\u00e9 assister \u00e0\nvos discussions, elles ont d\u00fb \u00eatre passionnantes&nbsp;!<\/p>\n\n\n\n<p>Pour la\nr\u00e9daction de votre second texte, je vais vous demander de vous questionner sur <em>les\nchangements op\u00e9r\u00e9s par l&rsquo;homme sur la nature, leur n\u00e9cessit\u00e9, leur utilit\u00e9\nou pas. <\/em><\/p>\n\n\n\n<p>Voici comment on\npourrait formuler votre questionnement&nbsp;:<\/p>\n\n\n\n<p>\u00ab&nbsp;Devrait-on\nrenoncer \u00e0 notre confort pour pr\u00e9server notre environnement&nbsp;?&nbsp;A quel\nconfort ne pourrait-on absolument pas renoncer&nbsp;? \u00bb<\/p>\n\n\n\n<p>Je sais que ce\nn&rsquo;est pas une question facile. Rappelez-vous qu&rsquo;une question philosophique est\nune question \u00e0 laquelle il n&rsquo;existe pas de bonne ou de mauvaise r\u00e9ponse. Cela\nvous demande de d\u00e9passer la r\u00e9ponse qui vous semble \u00e9vidente afin de\n\u00ab&nbsp;d\u00e9plier&nbsp;\u00bb votre pens\u00e9e.<\/p>\n\n\n\n<p>Lors de vos discussions, je vais vous demander de respecter trois petites consignes\u00a0:<\/p>\n\n\n\n<ul><li>On \u00e9coute ce que disent les\nautres.<\/li><li>On ne se moque pas de leurs\ninterventions.<\/li><li>On dit ce qu&rsquo;on pense et on\npense ce qu&rsquo;on dit.<\/li><\/ul>\n\n\n\n<p>Passons\nmaintenant \u00e0 la partie \u00ab&nbsp;\u00e9criture&nbsp;\u00bb;)<\/p>\n\n\n\n<p>Vous vous\nrappelez que dans votre premier texte, quatre personnages se pr\u00e9paraient \u00e0\nquitter la terre. Imaginez maintenant que l&rsquo;un de ces quatre personnages\n(choisissez celui qui vous inspire le plus) est devenu tr\u00e8s vieux. Il vit sur\nla nouvelle plan\u00e8te depuis des dizaines d&rsquo;ann\u00e9es. Alors qu&rsquo;il sent que sa vie\nse termine, il d\u00e9cide de raconter \u00e0 son arri\u00e8re-arri\u00e8re-arri\u00e8re petit fils \u00e0\nquoi ressemblait la terre quand lui-m\u00eame \u00e9tait enfant.<\/p>\n\n\n\n<p>Le texte doit\nbien entendu \u00eatre r\u00e9dig\u00e9 \u00e0 la premi\u00e8re personne du singulier. Essayez\nd&rsquo;accorder du soin \u00e0 vos descriptions et d&rsquo;y int\u00e9grer, si possible, le r\u00e9sultat\nde votre questionnement philosophique. <\/p>\n\n\n\n<p>A vos stylos, crayons, claviers&nbsp;!<\/p>\n\n\n\n<figure class=\"wp-block-image size-large\"><img loading=\"lazy\" width=\"1024\" height=\"576\" src=\"http:\/\/www.bataille-des-livres.ch\/wp\/2019pierloot\/files\/2019\/12\/img2_1-1024x576.jpg\" alt=\"\" class=\"wp-image-55\" srcset=\"https:\/\/www.bataille-des-livres.ch\/wp\/2019pierloot\/files\/2019\/12\/img2_1-1024x576.jpg 1024w, https:\/\/www.bataille-des-livres.ch\/wp\/2019pierloot\/files\/2019\/12\/img2_1-300x169.jpg 300w, https:\/\/www.bataille-des-livres.ch\/wp\/2019pierloot\/files\/2019\/12\/img2_1-768x432.jpg 768w, https:\/\/www.bataille-des-livres.ch\/wp\/2019pierloot\/files\/2019\/12\/img2_1-500x281.jpg 500w, https:\/\/www.bataille-des-livres.ch\/wp\/2019pierloot\/files\/2019\/12\/img2_1.jpg 1120w\" sizes=\"(max-width: 1024px) 100vw, 1024px\" \/><\/figure>\n\n\n\n<p class=\"has-background has-light-gray-background-color\">L\u2019impact de l\u2019activit\u00e9 humaine sur la nature est vraiment visible.<br>Nous sommes impatients de lire vos conclusions sur la n\u00e9cessit\u00e9 ou non des changements op\u00e9r\u00e9s <strong>d\u2019ici au 24 janvier<\/strong>.<br>Nous vous souhaitons de belles f\u00eates et de bonnes vacances.<\/p>\n","protected":false},"excerpt":{"rendered":"<p>Seules les classes inscrites aux ateliers pourront poster leur r\u00e9ponse. Vous pouvez t\u00e9l\u00e9charger la mission compl\u00e8te en PDF ici. Bonjour \u00e0 tous, Ces ateliers ont d\u00e9marr\u00e9 sur les chapeaux de roue&nbsp;! Je suis \u00e9pat\u00e9 par la mani\u00e8re dont vous avez &hellip; <a href=\"https:\/\/www.bataille-des-livres.ch\/wp\/2019pierloot\/calendrier\/2eme-etape\/\">Continuer la lecture <span class=\"meta-nav\">&rarr;<\/span><\/a><\/p>\n","protected":false},"author":1,"featured_media":0,"parent":8,"menu_order":0,"comment_status":"open","ping_status":"closed","template":"","meta":[],"_links":{"self":[{"href":"https:\/\/www.bataille-des-livres.ch\/wp\/2019pierloot\/wp-json\/wp\/v2\/pages\/10"}],"collection":[{"href":"https:\/\/www.bataille-des-livres.ch\/wp\/2019pierloot\/wp-json\/wp\/v2\/pages"}],"about":[{"href":"https:\/\/www.bataille-des-livres.ch\/wp\/2019pierloot\/wp-json\/wp\/v2\/types\/page"}],"author":[{"embeddable":true,"href":"https:\/\/www.bataille-des-livres.ch\/wp\/2019pierloot\/wp-json\/wp\/v2\/users\/1"}],"replies":[{"embeddable":true,"href":"https:\/\/www.bataille-des-livres.ch\/wp\/2019pierloot\/wp-json\/wp\/v2\/comments?post=10"}],"version-history":[{"count":4,"href":"https:\/\/www.bataille-des-livres.ch\/wp\/2019pierloot\/wp-json\/wp\/v2\/pages\/10\/revisions"}],"predecessor-version":[{"id":58,"href":"https:\/\/www.bataille-des-livres.ch\/wp\/2019pierloot\/wp-json\/wp\/v2\/pages\/10\/revisions\/58"}],"up":[{"embeddable":true,"href":"https:\/\/www.bataille-des-livres.ch\/wp\/2019pierloot\/wp-json\/wp\/v2\/pages\/8"}],"wp:attachment":[{"href":"https:\/\/www.bataille-des-livres.ch\/wp\/2019pierloot\/wp-json\/wp\/v2\/media?parent=10"}],"curies":[{"name":"wp","href":"https:\/\/api.w.org\/{rel}","templated":true}]}}